{"id":331,"date":"2025-05-02T17:42:59","date_gmt":"2025-05-02T17:42:59","guid":{"rendered":"https:\/\/kraftquellen.mentaltraining.at\/?page_id=331"},"modified":"2025-05-02T20:32:40","modified_gmt":"2025-05-02T20:32:40","slug":"quellenweg-der-kraft","status":"publish","type":"page","link":"https:\/\/kraftquellen.mentaltraining.at\/?page_id=331","title":{"rendered":"Quellenweg der Kraft"},"content":{"rendered":"\t\t<div data-elementor-type=\"wp-page\" data-elementor-id=\"331\" class=\"elementor elementor-331\">\n\t\t\t\t<div class=\"elementor-element elementor-element-dadf46b e-flex e-con-boxed e-con e-parent\" data-id=\"dadf46b\" data-element_type=\"container\" data-e-type=\"container\">\n\t\t\t\t\t<div class=\"e-con-inner\">\n\t\t\t\t<div class=\"elementor-element elementor-element-5acb1b0 elementor-widget elementor-widget-html\" data-id=\"5acb1b0\" data-element_type=\"widget\" data-e-type=\"widget\" data-widget_type=\"html.default\">\n\t\t\t\t<div class=\"elementor-widget-container\">\n\t\t\t\t\t<!DOCTYPE html>\n<html lang=\"de\">\n<head>\n    <meta charset=\"UTF-8\">\n    <meta name=\"viewport\" content=\"width=device-width, initial-scale=1.0\">\n    <title>Quellenweg der Kraft<\/title>\n    <style>\n        \/* Schriftarten *\/\n        @import url('https:\/\/fonts.googleapis.com\/css2?family=Playfair+Display&family=Muli&family=Lato&family=Lora&family=Montserrat&family=Open+Sans&family=Georgia+Pro+Condensed&display=swap');\n\n        body {\n            font-family: 'Open Sans', sans-serif;\n            color: #4edad9;\n            background-color: #f4f4f4;\n            margin: 0;\n            padding: 0;\n        }\n\n        h1 {\n            font-family: 'Montserrat', sans-serif;\n            font-size: 28px;\n            color: #b65c43;\n            margin-top: 20px;\n        }\n\n        h2 {\n            font-family: 'Playfair Display', serif;\n            font-size: 22px;\n            color: #b65c43;\n            margin-top: 15px;\n        }\n\n        .teaser {\n            font-family: 'Lato', sans-serif;\n            font-size: 18px;\n            color: #006f6a;\n            line-height: 1.5;\n            margin: 20px;\n        }\n\n        .highlight {\n            color: #b65c43;\n            font-weight: bold;\n        }\n\n        .button {\n            background-color: #006f6a;\n            color: white;\n            padding: 10px 20px;\n            font-size: 18px;\n            font-family: 'Muli', sans-serif;\n            text-align: center;\n            text-decoration: none;\n            border-radius: 5px;\n            display: inline-block;\n            margin: 20px 10px;\n            transition: background-color 0.3s;\n        }\n\n        .button:hover {\n            background-color: #4edad9;\n        }\n\n        .highlight-green {\n            color: #006f6a;\n            font-weight: bold;\n        }\n\n        .highlight-blue {\n            color: #4edad9;\n            font-weight: bold;\n        }\n\n        .highlight-brown {\n            color: #b65c43;\n            font-weight: bold;\n        }\n\n        .highlight-gold {\n            color: #d1b28a;\n            font-weight: bold;\n        }\n    <\/style>\n<\/head>\n<body>\n\n    <section>\n        <h1>Quellenweg der <span class=\"highlight-brown\">Kraft<\/span><\/h1>\n        <h2>\ud83c\udf00 Dein innerer <span class=\"highlight-green\">Kompass<\/span><\/h2>\n        <div class=\"teaser\">\n            In diesem Abschnitt erf\u00e4hrst Du, wie Du Deinen pers\u00f6nlichen \u201eQuellenweg\u201c als metaphysischen <span class=\"highlight-blue\">Kompass<\/span> nutzt, um die neuronalen Netzwerke in Deinem Gehirn gezielt zu aktivieren und Deine Ziele auf einer tiefen, fast unbewussten Ebene zu manifestieren.\n        <\/div>\n\n        <div>\n            <p>Stell dir vor, du stehst am Anfang einer Reise, die nicht nur deinen physischen Weg, sondern auch deinen mentalen Prozess tiefgreifend beeinflusst. Du bist der <span class=\"highlight-green\">Navigator<\/span> auf dieser Reise \u2013 doch statt auf einer Karte folgst du einem inneren <span class=\"highlight-green\">Kompass<\/span>, der direkt mit deinem Unterbewusstsein verbunden ist. Der \u201e<span class=\"highlight-brown\">Quellenweg der Kraft<\/span>\u201c stellt diesen <span class=\"highlight-green\">Kompass<\/span> dar, der dich an den Punkt bringt, an dem du wei\u00dft, was dir wirklich gut tut.<\/p>\n\n            <p>Im Gehirn sind es haupts\u00e4chlich drei Schl\u00fcsselregionen, die w\u00e4hrend dieses Prozesses aktiviert werden: Das <span class=\"highlight-blue\">limbische System<\/span>, das f\u00fcr <span class=\"highlight-green\">Emotionen<\/span> verantwortlich ist, der <span class=\"highlight-blue\">pr\u00e4frontale Kortex<\/span>, der f\u00fcr <span class=\"highlight-blue\">Planung<\/span> und <span class=\"highlight-blue\">Entscheidungsfindung<\/span> zust\u00e4ndig ist, und das <span class=\"highlight-blue\">Basalganglien-Netzwerk<\/span>, das bei der <span class=\"highlight-blue\">Gewohnheitsbildung<\/span> eine entscheidende Rolle spielt. Dein Gehirn reagiert auf diesen \u201e<span class=\"highlight-brown\">Quellenweg<\/span>\u201c wie auf eine permanente GPS-Navigation, die mit jeder erfolgreichen Ausf\u00fchrung deines Rituals neue neuronale Verbindungen st\u00e4rkt und ein Gef\u00fchl der <span class=\"highlight-blue\">Sicherheit<\/span> und <span class=\"highlight-blue\">Klarheit<\/span> erzeugt.<\/p>\n\n            <p>Der <span class=\"highlight-brown\">Quellenweg<\/span> ist mehr als nur ein praktisches Tool \u2013 er ist ein tiefgehender, integrativer Prozess, der dich in eine authentische Verbindung mit deiner inneren Quelle bringt. Durch die gezielte Ansprache der verschiedenen Hirnsysteme aktivierst du die neuronalen Mechanismen, die f\u00fcr deine <span class=\"highlight-green\">Motivation<\/span> und deine F\u00e4higkeit zur <span class=\"highlight-blue\">Ver\u00e4nderung<\/span> entscheidend sind. Indem du regelm\u00e4\u00dfig auf deinen <span class=\"highlight-brown\">Quellenweg<\/span> zugreifst, schaffst du es, alte Denkmuster und Blockaden zu durchbrechen und eine neue, erfolgreiche Denkweise zu etablieren.<\/p>\n\n            <p>Dieser Weg f\u00fchrt dich nicht nur zu einer besseren <span class=\"highlight-green\">Selbstwahrnehmung<\/span>, sondern sorgt auch f\u00fcr die tiefgreifende Integration der neuen Denk- und Handlungsweisen in deinen Alltag. Dein Gehirn wird so umprogrammiert, dass es diese neuen Verhaltensweisen nicht nur unterst\u00fctzt, sondern aktiv anstrebt. Und was noch wichtiger ist: Dein <span class=\"highlight-blue\">Unterbewusstsein<\/span> \u00fcbernimmt zunehmend die F\u00fchrung, sodass du nicht mehr bewusst \u00fcber jede Entscheidung nachdenken musst \u2013 dein innerer <span class=\"highlight-green\">Kompass<\/span> f\u00fchrt dich automatisch in die richtige Richtung.<\/p>\n\n            <p>Es ist nicht nur ein mentales Konzept \u2013 der \u201e<span class=\"highlight-brown\">Quellenweg der Kraft<\/span>\u201c ist eine Art mentale Architektur, die deine Gehirnstrukturen immer st\u00e4rker in eine Richtung lenkt: eine Richtung der positiven <span class=\"highlight-blue\">Ver\u00e4nderung<\/span> und des unaufhaltsamen <span class=\"highlight-green\">Erfolgs<\/span>. Du bist nicht l\u00e4nger von \u00e4u\u00dferen Umst\u00e4nden abh\u00e4ngig, sondern ziehst die Quelle deiner <span class=\"highlight-brown\">Kraft<\/span> direkt aus deinem Inneren. Und jedes Mal, wenn du deinem inneren <span class=\"highlight-green\">Kompass<\/span> folgst, wirst du mit einer Best\u00e4tigung f\u00fcr dein Wachstum und deine Weiterentwicklung belohnt \u2013 bis der <span class=\"highlight-brown\">Quellenweg<\/span> f\u00fcr dich zur festen, unaufhaltsamen Gewohnheit wird.<\/p>\n\n        <\/div>\n\n        <div>\n            <a href=\"https:\/\/kraftquellen.mentaltraining.at\/\" class=\"button\">Zur\u00fcck zur Startseite<\/a>\n            <a href=\"https:\/\/mentaltraining.at\/\" class=\"button\">Zur Homepage<\/a>\n        <\/div>\n    <\/section>\n\n<\/body>\n<\/html>\n\t\t\t\t<\/div>\n\t\t\t\t<\/div>\n\t\t\t\t\t<\/div>\n\t\t\t\t<\/div>\n\t\t\t\t<\/div>\n\t\t","protected":false},"excerpt":{"rendered":"<p>Quellenweg der Kraft Quellenweg der Kraft \ud83c\udf00 Dein innerer Kompass In diesem Abschnitt erf\u00e4hrst Du, wie Du Deinen pers\u00f6nlichen \u201eQuellenweg\u201c [&hellip;]<\/p>\n","protected":false},"author":1,"featured_media":0,"parent":0,"menu_order":0,"comment_status":"closed","ping_status":"closed","template":"","meta":{"saved_in_kubio":false,"_monsterinsights_skip_tracking":false,"_monsterinsights_sitenote_active":false,"_monsterinsights_sitenote_note":"","_monsterinsights_sitenote_category":0,"site-sidebar-layout":"default","site-content-layout":"","ast-site-content-layout":"default","site-content-style":"default","site-sidebar-style":"default","ast-global-header-display":"","ast-banner-title-visibility":"","ast-main-header-display":"","ast-hfb-above-header-display":"","ast-hfb-below-header-display":"","ast-hfb-mobile-header-display":"","site-post-title":"","ast-breadcrumbs-content":"","ast-featured-img":"","footer-sml-layout":"","theme-transparent-header-meta":"","adv-header-id-meta":"","stick-header-meta":"","header-above-stick-meta":"","header-main-stick-meta":"","header-below-stick-meta":"","astra-migrate-meta-layouts":"default","ast-page-background-enabled":"default","ast-page-background-meta":{"desktop":{"background-color":"var(--ast-global-color-5)","background-image":"","background-repeat":"repeat","background-position":"center center","background-size":"auto","background-attachment":"scroll","background-type":"","background-media":"","overlay-type":"","overlay-color":"","overlay-opacity":"","overlay-gradient":""},"tablet":{"background-color":"","background-image":"","background-repeat":"repeat","background-position":"center center","background-size":"auto","background-attachment":"scroll","background-type":"","background-media":"","overlay-type":"","overlay-color":"","overlay-opacity":"","overlay-gradient":""},"mobile":{"background-color":"","background-image":"","background-repeat":"repeat","background-position":"center center","background-size":"auto","background-attachment":"scroll","background-type":"","background-media":"","overlay-type":"","overlay-color":"","overlay-opacity":"","overlay-gradient":""}},"ast-content-background-meta":{"desktop":{"background-color":"var(--ast-global-color-4)","background-image":"","background-repeat":"repeat","background-position":"center center","background-size":"auto","background-attachment":"scroll","background-type":"","background-media":"","overlay-type":"","overlay-color":"","overlay-opacity":"","overlay-gradient":""},"tablet":{"background-color":"var(--ast-global-color-4)","background-image":"","background-repeat":"repeat","background-position":"center center","background-size":"auto","background-attachment":"scroll","background-type":"","background-media":"","overlay-type":"","overlay-color":"","overlay-opacity":"","overlay-gradient":""},"mobile":{"background-color":"var(--ast-global-color-4)","background-image":"","background-repeat":"repeat","background-position":"center center","background-size":"auto","background-attachment":"scroll","background-type":"","background-media":"","overlay-type":"","overlay-color":"","overlay-opacity":"","overlay-gradient":""}},"footnotes":""},"class_list":["post-331","page","type-page","status-publish","hentry"],"kubio_ai_page_context":{"short_desc":"","purpose":"general"},"yoast_head":"<!-- This site is optimized with the Yoast SEO plugin v26.9 - https:\/\/yoast.com\/product\/yoast-seo-wordpress\/ -->\n<title>Quellenweg der Kraft - \ud83c\udf3f Vom Wunsch zur Verwirklichung<\/title>\n<meta name=\"robots\" content=\"index, follow, max-snippet:-1, max-image-preview:large, max-video-preview:-1\" \/>\n<link rel=\"canonical\" href=\"https:\/\/kraftquellen.mentaltraining.at\/?page_id=331\" \/>\n<meta property=\"og:locale\" content=\"de_DE\" \/>\n<meta property=\"og:type\" content=\"article\" \/>\n<meta property=\"og:title\" content=\"Quellenweg der Kraft - \ud83c\udf3f Vom Wunsch zur Verwirklichung\" \/>\n<meta property=\"og:description\" content=\"Quellenweg der Kraft Quellenweg der Kraft \ud83c\udf00 Dein innerer Kompass In diesem Abschnitt erf\u00e4hrst Du, wie Du Deinen pers\u00f6nlichen \u201eQuellenweg\u201c [&hellip;]\" \/>\n<meta property=\"og:url\" content=\"https:\/\/kraftquellen.mentaltraining.at\/?page_id=331\" \/>\n<meta property=\"og:site_name\" content=\"\ud83c\udf3f Vom Wunsch zur Verwirklichung\" \/>\n<meta property=\"article:modified_time\" content=\"2025-05-02T20:32:40+00:00\" \/>\n<meta name=\"twitter:card\" content=\"summary_large_image\" \/>\n<meta name=\"twitter:label1\" content=\"Gesch\u00e4tzte Lesezeit\" \/>\n\t<meta name=\"twitter:data1\" content=\"3\u00a0Minuten\" \/>\n<script type=\"application\/ld+json\" class=\"yoast-schema-graph\">{\"@context\":\"https:\/\/schema.org\",\"@graph\":[{\"@type\":\"WebPage\",\"@id\":\"https:\/\/kraftquellen.mentaltraining.at\/?page_id=331\",\"url\":\"https:\/\/kraftquellen.mentaltraining.at\/?page_id=331\",\"name\":\"Quellenweg der Kraft - \ud83c\udf3f Vom Wunsch zur Verwirklichung\",\"isPartOf\":{\"@id\":\"https:\/\/kraftquellen.mentaltraining.at\/#website\"},\"datePublished\":\"2025-05-02T17:42:59+00:00\",\"dateModified\":\"2025-05-02T20:32:40+00:00\",\"breadcrumb\":{\"@id\":\"https:\/\/kraftquellen.mentaltraining.at\/?page_id=331#breadcrumb\"},\"inLanguage\":\"de\",\"potentialAction\":[{\"@type\":\"ReadAction\",\"target\":[\"https:\/\/kraftquellen.mentaltraining.at\/?page_id=331\"]}]},{\"@type\":\"BreadcrumbList\",\"@id\":\"https:\/\/kraftquellen.mentaltraining.at\/?page_id=331#breadcrumb\",\"itemListElement\":[{\"@type\":\"ListItem\",\"position\":1,\"name\":\"Startseite\",\"item\":\"https:\/\/kraftquellen.mentaltraining.at\/\"},{\"@type\":\"ListItem\",\"position\":2,\"name\":\"Quellenweg der Kraft\"}]},{\"@type\":\"WebSite\",\"@id\":\"https:\/\/kraftquellen.mentaltraining.at\/#website\",\"url\":\"https:\/\/kraftquellen.mentaltraining.at\/\",\"name\":\"\ud83c\udf3f Vom Wunsch zur Verwirklichung\",\"description\":\"Verborgene Ressourcen entdecken und in deine Kraft kommen\",\"publisher\":{\"@id\":\"https:\/\/kraftquellen.mentaltraining.at\/#organization\"},\"potentialAction\":[{\"@type\":\"SearchAction\",\"target\":{\"@type\":\"EntryPoint\",\"urlTemplate\":\"https:\/\/kraftquellen.mentaltraining.at\/?s={search_term_string}\"},\"query-input\":{\"@type\":\"PropertyValueSpecification\",\"valueRequired\":true,\"valueName\":\"search_term_string\"}}],\"inLanguage\":\"de\"},{\"@type\":\"Organization\",\"@id\":\"https:\/\/kraftquellen.mentaltraining.at\/#organization\",\"name\":\"\ud83c\udf3f Vom Wunsch zur Verwirklichung\",\"url\":\"https:\/\/kraftquellen.mentaltraining.at\/\",\"logo\":{\"@type\":\"ImageObject\",\"inLanguage\":\"de\",\"@id\":\"https:\/\/kraftquellen.mentaltraining.at\/#\/schema\/logo\/image\/\",\"url\":\"https:\/\/kraftquellen.mentaltraining.at\/wp-content\/uploads\/2025\/05\/cropped-cropped-cropped-mental-1.jpeg\",\"contentUrl\":\"https:\/\/kraftquellen.mentaltraining.at\/wp-content\/uploads\/2025\/05\/cropped-cropped-cropped-mental-1.jpeg\",\"width\":512,\"height\":512,\"caption\":\"\ud83c\udf3f Vom Wunsch zur Verwirklichung\"},\"image\":{\"@id\":\"https:\/\/kraftquellen.mentaltraining.at\/#\/schema\/logo\/image\/\"}}]}<\/script>\n<!-- \/ Yoast SEO plugin. -->","yoast_head_json":{"title":"Quellenweg der Kraft - \ud83c\udf3f Vom Wunsch zur Verwirklichung","robots":{"index":"index","follow":"follow","max-snippet":"max-snippet:-1","max-image-preview":"max-image-preview:large","max-video-preview":"max-video-preview:-1"},"canonical":"https:\/\/kraftquellen.mentaltraining.at\/?page_id=331","og_locale":"de_DE","og_type":"article","og_title":"Quellenweg der Kraft - \ud83c\udf3f Vom Wunsch zur Verwirklichung","og_description":"Quellenweg der Kraft Quellenweg der Kraft \ud83c\udf00 Dein innerer Kompass In diesem Abschnitt erf\u00e4hrst Du, wie Du Deinen pers\u00f6nlichen \u201eQuellenweg\u201c [&hellip;]","og_url":"https:\/\/kraftquellen.mentaltraining.at\/?page_id=331","og_site_name":"\ud83c\udf3f Vom Wunsch zur Verwirklichung","article_modified_time":"2025-05-02T20:32:40+00:00","twitter_card":"summary_large_image","twitter_misc":{"Gesch\u00e4tzte Lesezeit":"3\u00a0Minuten"},"schema":{"@context":"https:\/\/schema.org","@graph":[{"@type":"WebPage","@id":"https:\/\/kraftquellen.mentaltraining.at\/?page_id=331","url":"https:\/\/kraftquellen.mentaltraining.at\/?page_id=331","name":"Quellenweg der Kraft - \ud83c\udf3f Vom Wunsch zur Verwirklichung","isPartOf":{"@id":"https:\/\/kraftquellen.mentaltraining.at\/#website"},"datePublished":"2025-05-02T17:42:59+00:00","dateModified":"2025-05-02T20:32:40+00:00","breadcrumb":{"@id":"https:\/\/kraftquellen.mentaltraining.at\/?page_id=331#breadcrumb"},"inLanguage":"de","potentialAction":[{"@type":"ReadAction","target":["https:\/\/kraftquellen.mentaltraining.at\/?page_id=331"]}]},{"@type":"BreadcrumbList","@id":"https:\/\/kraftquellen.mentaltraining.at\/?page_id=331#breadcrumb","itemListElement":[{"@type":"ListItem","position":1,"name":"Startseite","item":"https:\/\/kraftquellen.mentaltraining.at\/"},{"@type":"ListItem","position":2,"name":"Quellenweg der Kraft"}]},{"@type":"WebSite","@id":"https:\/\/kraftquellen.mentaltraining.at\/#website","url":"https:\/\/kraftquellen.mentaltraining.at\/","name":"\ud83c\udf3f Vom Wunsch zur Verwirklichung","description":"Verborgene Ressourcen entdecken und in deine Kraft kommen","publisher":{"@id":"https:\/\/kraftquellen.mentaltraining.at\/#organization"},"potentialAction":[{"@type":"SearchAction","target":{"@type":"EntryPoint","urlTemplate":"https:\/\/kraftquellen.mentaltraining.at\/?s={search_term_string}"},"query-input":{"@type":"PropertyValueSpecification","valueRequired":true,"valueName":"search_term_string"}}],"inLanguage":"de"},{"@type":"Organization","@id":"https:\/\/kraftquellen.mentaltraining.at\/#organization","name":"\ud83c\udf3f Vom Wunsch zur Verwirklichung","url":"https:\/\/kraftquellen.mentaltraining.at\/","logo":{"@type":"ImageObject","inLanguage":"de","@id":"https:\/\/kraftquellen.mentaltraining.at\/#\/schema\/logo\/image\/","url":"https:\/\/kraftquellen.mentaltraining.at\/wp-content\/uploads\/2025\/05\/cropped-cropped-cropped-mental-1.jpeg","contentUrl":"https:\/\/kraftquellen.mentaltraining.at\/wp-content\/uploads\/2025\/05\/cropped-cropped-cropped-mental-1.jpeg","width":512,"height":512,"caption":"\ud83c\udf3f Vom Wunsch zur Verwirklichung"},"image":{"@id":"https:\/\/kraftquellen.mentaltraining.at\/#\/schema\/logo\/image\/"}}]}},"_links":{"self":[{"href":"https:\/\/kraftquellen.mentaltraining.at\/index.php?rest_route=\/wp\/v2\/pages\/331","targetHints":{"allow":["GET"]}}],"collection":[{"href":"https:\/\/kraftquellen.mentaltraining.at\/index.php?rest_route=\/wp\/v2\/pages"}],"about":[{"href":"https:\/\/kraftquellen.mentaltraining.at\/index.php?rest_route=\/wp\/v2\/types\/page"}],"author":[{"embeddable":true,"href":"https:\/\/kraftquellen.mentaltraining.at\/index.php?rest_route=\/wp\/v2\/users\/1"}],"replies":[{"embeddable":true,"href":"https:\/\/kraftquellen.mentaltraining.at\/index.php?rest_route=%2Fwp%2Fv2%2Fcomments&post=331"}],"version-history":[{"count":13,"href":"https:\/\/kraftquellen.mentaltraining.at\/index.php?rest_route=\/wp\/v2\/pages\/331\/revisions"}],"predecessor-version":[{"id":478,"href":"https:\/\/kraftquellen.mentaltraining.at\/index.php?rest_route=\/wp\/v2\/pages\/331\/revisions\/478"}],"wp:attachment":[{"href":"https:\/\/kraftquellen.mentaltraining.at\/index.php?rest_route=%2Fwp%2Fv2%2Fmedia&parent=331"}],"curies":[{"name":"wp","href":"https:\/\/api.w.org\/{rel}","templated":true}]}}